{"id":33917,"date":"2018-04-10T09:22:07","date_gmt":"2018-04-10T07:22:07","guid":{"rendered":"http:\/\/www.krivak.sk\/?page_id=33917"},"modified":"2018-04-10T09:24:27","modified_gmt":"2018-04-10T07:24:27","slug":"test-blogu","status":"publish","type":"page","link":"https:\/\/www.krivak.sk\/eng\/test-blogu\/","title":{"rendered":"test blogu"},"content":{"rendered":"<section class=\"wpb-content-wrapper\"><div class=\"vc_row wpb_row vc_row-fluid\"><div class=\"wpb_column vc_column_container vc_col-sm-12\"><div class=\"vc_column-inner\"><div class=\"wpb_wrapper\">\n<div class=\"vc_grid-container-wrapper vc_clearfix vc_grid-animation-fadeIn\">\n\t<div class=\"vc_grid-container vc_clearfix wpb_content_element vc_basic_grid\" data-initial-loading-animation=\"fadeIn\" data-vc-grid-settings=\"{&quot;page_id&quot;:33917,&quot;style&quot;:&quot;all&quot;,&quot;action&quot;:&quot;vc_get_vc_grid_data&quot;,&quot;shortcode_id&quot;:&quot;1523344954300-d794a0d1-114d-2&quot;,&quot;tag&quot;:&quot;vc_basic_grid&quot;}\" data-vc-request=\"https:\/\/www.krivak.sk\/wp-admin\/admin-ajax.php\" data-vc-post-id=\"33917\" data-vc-public-nonce=\"a9010a1910\">\n\t\t<div class=\"vc_grid vc_row vc_grid-gutter-30px vc_pageable-wrapper vc_hook_hover\" data-vc-pageable-content=\"true\"><div class=\"vc_pageable-slide-wrapper vc_clearfix\" data-vc-grid-content=\"true\"><div class=\"vc_grid-item vc_clearfix vc_col-sm-4\"><div class=\"vc_grid-item-mini vc_clearfix\"><div class=\"vc_gitem-animated-block  vc_gitem-animate vc_gitem-animate-goTop20\"  data-vc-animation=\"goTop20\"><div class=\"vc_gitem-zone vc_gitem-zone-a vc-gitem-zone-height-mode-auto vc-gitem-zone-height-mode-auto-1-1 vc_gitem-is-link\" style=\"background-image: url('https:\/\/www.krivak.sk\/wp-content\/uploads\/2026\/04\/fr-detail-ev-svk-20260421-pravnicka-firma-roka-2026-193-h-jpg.jpg') !important;\"><a href=\"https:\/\/www.krivak.sk\/eng\/opat-sme-sa-stali-jednou-z-pravnickych-firiem-roka\/\" title=\"OP\u00c4\u0164 SME SA STALI JEDNOU Z PR\u00c1VNICK\u00ddCH FIRIEM ROKA\" class=\"vc_gitem-link vc-zone-link\" ><\/a><img src=\"https:\/\/www.krivak.sk\/wp-content\/uploads\/2026\/04\/fr-detail-ev-svk-20260421-pravnicka-firma-roka-2026-193-h-jpg.jpg\" class=\"vc_gitem-zone-img\" alt=\"OP\u00c4\u0164 SME SA STALI JEDNOU Z PR\u00c1VNICK\u00ddCH FIRIEM ROKA\"><div class=\"vc_gitem-zone-mini\"><\/div><\/div><div class=\"vc_gitem-zone vc_gitem-zone-b vc_custom_1427376471452 vc-gitem-zone-height-mode-auto vc_gitem-is-link\"><a href=\"https:\/\/www.krivak.sk\/eng\/opat-sme-sa-stali-jednou-z-pravnickych-firiem-roka\/\" title=\"OP\u00c4\u0164 SME SA STALI JEDNOU Z PR\u00c1VNICK\u00ddCH FIRIEM ROKA\" class=\"vc_gitem-link vc-zone-link\" ><\/a><div class=\"vc_gitem-zone-mini\"><div class=\"vc_gitem_row vc_row vc_gitem-row-position-middle\"><div class=\"vc_col-sm-12 vc_gitem-col vc_gitem-col-align- vc_custom_1427376569093\"><div class=\"vc_icon_element vc_icon_element-outer  vc_icon_element-align-centervc_icon_element-have-style\"><div class=\"vc_icon_element-inner vc_icon_element-color-black vc_icon_element-have-style-inner vc_icon_element-size-sm  vc_icon_element-style-rounded vc_icon_element-background vc_icon_element-background-color-chino\" ><span class=\"vc_icon_element-icon vc_li vc_li-diamond\" ><\/span><\/div><\/div><div class=\"vc_custom_heading vc_gitem-post-data vc_gitem-post-data-source-post_title\" ><div style=\"font-size: 24px;color: #ffffff;line-height: 1.3;text-align: center;font-family:Montserrat;font-weight:400;font-style:normal\" >OP\u00c4\u0164 SME SA STALI JEDNOU Z PR\u00c1VNICK\u00ddCH FIRIEM ROKA<\/div><\/div><div class=\"vc_custom_heading vc_gitem-post-data vc_gitem-post-data-source-post_date\" ><p style=\"text-align: center\" >23. 04. 2026<\/p><\/div><\/div><\/div><\/div><\/div><\/div><\/div><div class=\"vc_clearfix\"><\/div><\/div><div class=\"vc_grid-item vc_clearfix vc_col-sm-4\"><div class=\"vc_grid-item-mini vc_clearfix\"><div class=\"vc_gitem-animated-block  vc_gitem-animate vc_gitem-animate-goTop20\"  data-vc-animation=\"goTop20\"><div class=\"vc_gitem-zone vc_gitem-zone-a vc-gitem-zone-height-mode-auto vc-gitem-zone-height-mode-auto-1-1 vc_gitem-is-link\" style=\"background-image: url('https:\/\/www.krivak.sk\/wp-content\/uploads\/2025\/05\/IG_1-819x1024.jpg') !important;\"><a href=\"https:\/\/www.krivak.sk\/eng\/v-krivak-co-rozsirujeme-nas-tim\/\" title=\"V Krivak &#038; Co roz\u0161irujeme n\u00e1\u0161 t\u00edm\" class=\"vc_gitem-link vc-zone-link\" ><\/a><img src=\"https:\/\/www.krivak.sk\/wp-content\/uploads\/2025\/05\/IG_1-819x1024.jpg\" class=\"vc_gitem-zone-img\" alt=\"V Krivak & Co roz\u0161irujeme n\u00e1\u0161 t\u00edm\"><div class=\"vc_gitem-zone-mini\"><\/div><\/div><div class=\"vc_gitem-zone vc_gitem-zone-b vc_custom_1427376471452 vc-gitem-zone-height-mode-auto vc_gitem-is-link\"><a href=\"https:\/\/www.krivak.sk\/eng\/v-krivak-co-rozsirujeme-nas-tim\/\" title=\"V Krivak &#038; Co roz\u0161irujeme n\u00e1\u0161 t\u00edm\" class=\"vc_gitem-link vc-zone-link\" ><\/a><div class=\"vc_gitem-zone-mini\"><div class=\"vc_gitem_row vc_row vc_gitem-row-position-middle\"><div class=\"vc_col-sm-12 vc_gitem-col vc_gitem-col-align- vc_custom_1427376569093\"><div class=\"vc_icon_element vc_icon_element-outer  vc_icon_element-align-centervc_icon_element-have-style\"><div class=\"vc_icon_element-inner vc_icon_element-color-black vc_icon_element-have-style-inner vc_icon_element-size-sm  vc_icon_element-style-rounded vc_icon_element-background vc_icon_element-background-color-chino\" ><span class=\"vc_icon_element-icon vc_li vc_li-diamond\" ><\/span><\/div><\/div><div class=\"vc_custom_heading vc_gitem-post-data vc_gitem-post-data-source-post_title\" ><div style=\"font-size: 24px;color: #ffffff;line-height: 1.3;text-align: center;font-family:Montserrat;font-weight:400;font-style:normal\" >V Krivak &#038; Co roz\u0161irujeme n\u00e1\u0161 t\u00edm<\/div><\/div><div class=\"vc_custom_heading vc_gitem-post-data vc_gitem-post-data-source-post_date\" ><p style=\"text-align: center\" >13. 05. 2025<\/p><\/div><\/div><\/div><\/div><\/div><\/div><\/div><div class=\"vc_clearfix\"><\/div><\/div><div class=\"vc_grid-item vc_clearfix vc_col-sm-4\"><div class=\"vc_grid-item-mini vc_clearfix\"><div class=\"vc_gitem-animated-block  vc_gitem-animate vc_gitem-animate-goTop20\"  data-vc-animation=\"goTop20\"><div class=\"vc_gitem-zone vc_gitem-zone-a vc-gitem-zone-height-mode-auto vc-gitem-zone-height-mode-auto-1-1 vc_gitem-is-link\" style=\"background-image: url('https:\/\/www.krivak.sk\/wp-content\/uploads\/2025\/04\/MK_SVK_20250409_PravnickaFirma_Roka2025_H186-2-1024x683.jpg') !important;\"><a href=\"https:\/\/www.krivak.sk\/eng\/ziskali-sme-vynikajuce-hodnotenie-v-sutazi-pravnicka-firma-roka-2025\/\" title=\"Z\u00edskali sme vynikaj\u00face hodnotenie v s\u00fa\u0165a\u017ei Pr\u00e1vnick\u00e1 firma roka 2025\" class=\"vc_gitem-link vc-zone-link\" ><\/a><img src=\"https:\/\/www.krivak.sk\/wp-content\/uploads\/2025\/04\/MK_SVK_20250409_PravnickaFirma_Roka2025_H186-2-1024x683.jpg\" class=\"vc_gitem-zone-img\" alt=\"Z\u00edskali sme vynikaj\u00face hodnotenie v s\u00fa\u0165a\u017ei Pr\u00e1vnick\u00e1 firma roka 2025\"><div class=\"vc_gitem-zone-mini\"><\/div><\/div><div class=\"vc_gitem-zone vc_gitem-zone-b vc_custom_1427376471452 vc-gitem-zone-height-mode-auto vc_gitem-is-link\"><a href=\"https:\/\/www.krivak.sk\/eng\/ziskali-sme-vynikajuce-hodnotenie-v-sutazi-pravnicka-firma-roka-2025\/\" title=\"Z\u00edskali sme vynikaj\u00face hodnotenie v s\u00fa\u0165a\u017ei Pr\u00e1vnick\u00e1 firma roka 2025\" class=\"vc_gitem-link vc-zone-link\" ><\/a><div class=\"vc_gitem-zone-mini\"><div class=\"vc_gitem_row vc_row vc_gitem-row-position-middle\"><div class=\"vc_col-sm-12 vc_gitem-col vc_gitem-col-align- vc_custom_1427376569093\"><div class=\"vc_icon_element vc_icon_element-outer  vc_icon_element-align-centervc_icon_element-have-style\"><div class=\"vc_icon_element-inner vc_icon_element-color-black vc_icon_element-have-style-inner vc_icon_element-size-sm  vc_icon_element-style-rounded vc_icon_element-background vc_icon_element-background-color-chino\" ><span class=\"vc_icon_element-icon vc_li vc_li-diamond\" ><\/span><\/div><\/div><div class=\"vc_custom_heading vc_gitem-post-data vc_gitem-post-data-source-post_title\" ><div style=\"font-size: 24px;color: #ffffff;line-height: 1.3;text-align: center;font-family:Montserrat;font-weight:400;font-style:normal\" >Z\u00edskali sme vynikaj\u00face hodnotenie v s\u00fa\u0165a\u017ei Pr\u00e1vnick\u00e1 firma roka 2025<\/div><\/div><div class=\"vc_custom_heading vc_gitem-post-data vc_gitem-post-data-source-post_date\" ><p style=\"text-align: center\" >22. 04. 2025<\/p><\/div><\/div><\/div><\/div><\/div><\/div><\/div><div class=\"vc_clearfix\"><\/div><\/div><div class=\"vc_grid-item vc_clearfix vc_col-sm-4\"><div class=\"vc_grid-item-mini vc_clearfix\"><div class=\"vc_gitem-animated-block  vc_gitem-animate vc_gitem-animate-goTop20\"  data-vc-animation=\"goTop20\"><div class=\"vc_gitem-zone vc_gitem-zone-a vc-gitem-zone-height-mode-auto vc-gitem-zone-height-mode-auto-1-1 vc_gitem-is-link\" style=\"background-image: url('https:\/\/www.krivak.sk\/wp-content\/uploads\/2024\/12\/titulok-1024x683.jpg') !important;\"><a href=\"https:\/\/www.krivak.sk\/eng\/sloboda-prejavu-v-demokratickom-spolocenstve-a-ako-celit-vlne-nenavistnych-prejavov\/\" title=\"Sloboda prejavu v demokratickom spolo\u010denstve a ako \u010deli\u0165 vlne nen\u00e1vistn\u00fdch prejavov\" class=\"vc_gitem-link vc-zone-link\" ><\/a><img src=\"https:\/\/www.krivak.sk\/wp-content\/uploads\/2024\/12\/titulok-1024x683.jpg\" class=\"vc_gitem-zone-img\" alt=\"Sloboda prejavu v demokratickom spolo\u010denstve a ako \u010deli\u0165 vlne nen\u00e1vistn\u00fdch prejavov\"><div class=\"vc_gitem-zone-mini\"><\/div><\/div><div class=\"vc_gitem-zone vc_gitem-zone-b vc_custom_1427376471452 vc-gitem-zone-height-mode-auto vc_gitem-is-link\"><a href=\"https:\/\/www.krivak.sk\/eng\/sloboda-prejavu-v-demokratickom-spolocenstve-a-ako-celit-vlne-nenavistnych-prejavov\/\" title=\"Sloboda prejavu v demokratickom spolo\u010denstve a ako \u010deli\u0165 vlne nen\u00e1vistn\u00fdch prejavov\" class=\"vc_gitem-link vc-zone-link\" ><\/a><div class=\"vc_gitem-zone-mini\"><div class=\"vc_gitem_row vc_row vc_gitem-row-position-middle\"><div class=\"vc_col-sm-12 vc_gitem-col vc_gitem-col-align- vc_custom_1427376569093\"><div class=\"vc_icon_element vc_icon_element-outer  vc_icon_element-align-centervc_icon_element-have-style\"><div class=\"vc_icon_element-inner vc_icon_element-color-black vc_icon_element-have-style-inner vc_icon_element-size-sm  vc_icon_element-style-rounded vc_icon_element-background vc_icon_element-background-color-chino\" ><span class=\"vc_icon_element-icon vc_li vc_li-diamond\" ><\/span><\/div><\/div><div class=\"vc_custom_heading vc_gitem-post-data vc_gitem-post-data-source-post_title\" ><div style=\"font-size: 24px;color: #ffffff;line-height: 1.3;text-align: center;font-family:Montserrat;font-weight:400;font-style:normal\" >Sloboda prejavu v demokratickom spolo\u010denstve a ako \u010deli\u0165 vlne nen\u00e1vistn\u00fdch prejavov<\/div><\/div><div class=\"vc_custom_heading vc_gitem-post-data vc_gitem-post-data-source-post_date\" ><p style=\"text-align: center\" >05. 12. 2024<\/p><\/div><\/div><\/div><\/div><\/div><\/div><\/div><div class=\"vc_clearfix\"><\/div><\/div><div class=\"vc_grid-item vc_clearfix vc_col-sm-4\"><div class=\"vc_grid-item-mini vc_clearfix\"><div class=\"vc_gitem-animated-block  vc_gitem-animate vc_gitem-animate-goTop20\"  data-vc-animation=\"goTop20\"><div class=\"vc_gitem-zone vc_gitem-zone-a vc-gitem-zone-height-mode-auto vc-gitem-zone-height-mode-auto-1-1 vc_gitem-is-link\" style=\"background-image: url('https:\/\/www.krivak.sk\/wp-content\/uploads\/2024\/10\/IMG_0734-1024x768.jpg') !important;\"><a href=\"https:\/\/www.krivak.sk\/eng\/zorganizovali-sme-podujatie-k-restorativnym-pristupom-v-praxi-institucii-a-organizacii\/\" title=\"Zorganizovali sme podujatie k restorat\u00edvnym pr\u00edstupom v praxi in\u0161tit\u00faci\u00ed a organiz\u00e1ci\u00ed\" class=\"vc_gitem-link vc-zone-link\" ><\/a><img src=\"https:\/\/www.krivak.sk\/wp-content\/uploads\/2024\/10\/IMG_0734-1024x768.jpg\" class=\"vc_gitem-zone-img\" alt=\"Zorganizovali sme podujatie k restorat\u00edvnym pr\u00edstupom v praxi in\u0161tit\u00faci\u00ed a organiz\u00e1ci\u00ed\"><div class=\"vc_gitem-zone-mini\"><\/div><\/div><div class=\"vc_gitem-zone vc_gitem-zone-b vc_custom_1427376471452 vc-gitem-zone-height-mode-auto vc_gitem-is-link\"><a href=\"https:\/\/www.krivak.sk\/eng\/zorganizovali-sme-podujatie-k-restorativnym-pristupom-v-praxi-institucii-a-organizacii\/\" title=\"Zorganizovali sme podujatie k restorat\u00edvnym pr\u00edstupom v praxi in\u0161tit\u00faci\u00ed a organiz\u00e1ci\u00ed\" class=\"vc_gitem-link vc-zone-link\" ><\/a><div class=\"vc_gitem-zone-mini\"><div class=\"vc_gitem_row vc_row vc_gitem-row-position-middle\"><div class=\"vc_col-sm-12 vc_gitem-col vc_gitem-col-align- vc_custom_1427376569093\"><div class=\"vc_icon_element vc_icon_element-outer  vc_icon_element-align-centervc_icon_element-have-style\"><div class=\"vc_icon_element-inner vc_icon_element-color-black vc_icon_element-have-style-inner vc_icon_element-size-sm  vc_icon_element-style-rounded vc_icon_element-background vc_icon_element-background-color-chino\" ><span class=\"vc_icon_element-icon vc_li vc_li-diamond\" ><\/span><\/div><\/div><div class=\"vc_custom_heading vc_gitem-post-data vc_gitem-post-data-source-post_title\" ><div style=\"font-size: 24px;color: #ffffff;line-height: 1.3;text-align: center;font-family:Montserrat;font-weight:400;font-style:normal\" >Zorganizovali sme podujatie k restorat\u00edvnym pr\u00edstupom v praxi in\u0161tit\u00faci\u00ed a organiz\u00e1ci\u00ed<\/div><\/div><div class=\"vc_custom_heading vc_gitem-post-data vc_gitem-post-data-source-post_date\" ><p style=\"text-align: center\" >30. 10. 2024<\/p><\/div><\/div><\/div><\/div><\/div><\/div><\/div><div class=\"vc_clearfix\"><\/div><\/div><div class=\"vc_grid-item vc_clearfix vc_col-sm-4\"><div class=\"vc_grid-item-mini vc_clearfix\"><div class=\"vc_gitem-animated-block  vc_gitem-animate vc_gitem-animate-goTop20\"  data-vc-animation=\"goTop20\"><div class=\"vc_gitem-zone vc_gitem-zone-a vc-gitem-zone-height-mode-auto vc-gitem-zone-height-mode-auto-1-1 vc_gitem-is-link\" style=\"background-image: url('https:\/\/www.krivak.sk\/wp-content\/uploads\/2024\/05\/AdobeStock_442803381-1024x683.jpeg') !important;\"><a href=\"https:\/\/www.krivak.sk\/eng\/spolocenstvo-vlastnikov-bytov-ako-dalej-bez-predsedu\/\" title=\"Spolo\u010denstvo vlastn\u00edkov bytov: Ako \u010falej bez predsedu?\" class=\"vc_gitem-link vc-zone-link\" ><\/a><img src=\"https:\/\/www.krivak.sk\/wp-content\/uploads\/2024\/05\/AdobeStock_442803381-1024x683.jpeg\" class=\"vc_gitem-zone-img\" alt=\"Spolo\u010denstvo vlastn\u00edkov bytov: Ako \u010falej bez predsedu?\"><div class=\"vc_gitem-zone-mini\"><\/div><\/div><div class=\"vc_gitem-zone vc_gitem-zone-b vc_custom_1427376471452 vc-gitem-zone-height-mode-auto vc_gitem-is-link\"><a href=\"https:\/\/www.krivak.sk\/eng\/spolocenstvo-vlastnikov-bytov-ako-dalej-bez-predsedu\/\" title=\"Spolo\u010denstvo vlastn\u00edkov bytov: Ako \u010falej bez predsedu?\" class=\"vc_gitem-link vc-zone-link\" ><\/a><div class=\"vc_gitem-zone-mini\"><div class=\"vc_gitem_row vc_row vc_gitem-row-position-middle\"><div class=\"vc_col-sm-12 vc_gitem-col vc_gitem-col-align- vc_custom_1427376569093\"><div class=\"vc_icon_element vc_icon_element-outer  vc_icon_element-align-centervc_icon_element-have-style\"><div class=\"vc_icon_element-inner vc_icon_element-color-black vc_icon_element-have-style-inner vc_icon_element-size-sm  vc_icon_element-style-rounded vc_icon_element-background vc_icon_element-background-color-chino\" ><span class=\"vc_icon_element-icon vc_li vc_li-diamond\" ><\/span><\/div><\/div><div class=\"vc_custom_heading vc_gitem-post-data vc_gitem-post-data-source-post_title\" ><div style=\"font-size: 24px;color: #ffffff;line-height: 1.3;text-align: center;font-family:Montserrat;font-weight:400;font-style:normal\" >Spolo\u010denstvo vlastn\u00edkov bytov: Ako \u010falej bez predsedu?<\/div><\/div><div class=\"vc_custom_heading vc_gitem-post-data vc_gitem-post-data-source-post_date\" ><p style=\"text-align: center\" >24. 05. 2024<\/p><\/div><\/div><\/div><\/div><\/div><\/div><\/div><div class=\"vc_clearfix\"><\/div><\/div><div class=\"vc_grid-item vc_clearfix vc_col-sm-4\"><div class=\"vc_grid-item-mini vc_clearfix\"><div class=\"vc_gitem-animated-block  vc_gitem-animate vc_gitem-animate-goTop20\"  data-vc-animation=\"goTop20\"><div class=\"vc_gitem-zone vc_gitem-zone-a vc-gitem-zone-height-mode-auto vc-gitem-zone-height-mode-auto-1-1 vc_gitem-is-link\" style=\"background-image: url('https:\/\/www.krivak.sk\/wp-content\/uploads\/2024\/05\/IMG_4619-1024x683.jpg') !important;\"><a href=\"https:\/\/www.krivak.sk\/eng\/kladieme-doraz-na-nasu-spolocensku-zodpovednost\/\" title=\"Kladieme d\u00f4raz na na\u0161u spolo\u010densk\u00fa zodpovednos\u0165\" class=\"vc_gitem-link vc-zone-link\" ><\/a><img src=\"https:\/\/www.krivak.sk\/wp-content\/uploads\/2024\/05\/IMG_4619-1024x683.jpg\" class=\"vc_gitem-zone-img\" alt=\"Kladieme d\u00f4raz na na\u0161u spolo\u010densk\u00fa zodpovednos\u0165\"><div class=\"vc_gitem-zone-mini\"><\/div><\/div><div class=\"vc_gitem-zone vc_gitem-zone-b vc_custom_1427376471452 vc-gitem-zone-height-mode-auto vc_gitem-is-link\"><a href=\"https:\/\/www.krivak.sk\/eng\/kladieme-doraz-na-nasu-spolocensku-zodpovednost\/\" title=\"Kladieme d\u00f4raz na na\u0161u spolo\u010densk\u00fa zodpovednos\u0165\" class=\"vc_gitem-link vc-zone-link\" ><\/a><div class=\"vc_gitem-zone-mini\"><div class=\"vc_gitem_row vc_row vc_gitem-row-position-middle\"><div class=\"vc_col-sm-12 vc_gitem-col vc_gitem-col-align- vc_custom_1427376569093\"><div class=\"vc_icon_element vc_icon_element-outer  vc_icon_element-align-centervc_icon_element-have-style\"><div class=\"vc_icon_element-inner vc_icon_element-color-black vc_icon_element-have-style-inner vc_icon_element-size-sm  vc_icon_element-style-rounded vc_icon_element-background vc_icon_element-background-color-chino\" ><span class=\"vc_icon_element-icon vc_li vc_li-diamond\" ><\/span><\/div><\/div><div class=\"vc_custom_heading vc_gitem-post-data vc_gitem-post-data-source-post_title\" ><div style=\"font-size: 24px;color: #ffffff;line-height: 1.3;text-align: center;font-family:Montserrat;font-weight:400;font-style:normal\" >Kladieme d\u00f4raz na na\u0161u spolo\u010densk\u00fa zodpovednos\u0165<\/div><\/div><div class=\"vc_custom_heading vc_gitem-post-data vc_gitem-post-data-source-post_date\" ><p style=\"text-align: center\" >22. 05. 2024<\/p><\/div><\/div><\/div><\/div><\/div><\/div><\/div><div class=\"vc_clearfix\"><\/div><\/div><div class=\"vc_grid-item vc_clearfix vc_col-sm-4\"><div class=\"vc_grid-item-mini vc_clearfix\"><div class=\"vc_gitem-animated-block  vc_gitem-animate vc_gitem-animate-goTop20\"  data-vc-animation=\"goTop20\"><div class=\"vc_gitem-zone vc_gitem-zone-a vc-gitem-zone-height-mode-auto vc-gitem-zone-height-mode-auto-1-1 vc_gitem-is-link\" style=\"background-image: url('https:\/\/www.krivak.sk\/wp-content\/uploads\/2024\/04\/pfr2024-e1714123617862.png') !important;\"><a href=\"https:\/\/www.krivak.sk\/eng\/pravnicka-firma-roka-2024-vysvetlenie-vratenia-ceny\/\" title=\"Pr\u00e1vnick\u00e1 kancel\u00e1ria Krivak &#038; Co vr\u00e1tila ocenenie Pr\u00e1vnick\u00e1 firma roka\" class=\"vc_gitem-link vc-zone-link\" ><\/a><img src=\"https:\/\/www.krivak.sk\/wp-content\/uploads\/2024\/04\/pfr2024-e1714123617862.png\" class=\"vc_gitem-zone-img\" alt=\"Pr\u00e1vnick\u00e1 kancel\u00e1ria Krivak & Co vr\u00e1tila ocenenie Pr\u00e1vnick\u00e1 firma roka\"><div class=\"vc_gitem-zone-mini\"><\/div><\/div><div class=\"vc_gitem-zone vc_gitem-zone-b vc_custom_1427376471452 vc-gitem-zone-height-mode-auto vc_gitem-is-link\"><a href=\"https:\/\/www.krivak.sk\/eng\/pravnicka-firma-roka-2024-vysvetlenie-vratenia-ceny\/\" title=\"Pr\u00e1vnick\u00e1 kancel\u00e1ria Krivak &#038; Co vr\u00e1tila ocenenie Pr\u00e1vnick\u00e1 firma roka\" class=\"vc_gitem-link vc-zone-link\" ><\/a><div class=\"vc_gitem-zone-mini\"><div class=\"vc_gitem_row vc_row vc_gitem-row-position-middle\"><div class=\"vc_col-sm-12 vc_gitem-col vc_gitem-col-align- vc_custom_1427376569093\"><div class=\"vc_icon_element vc_icon_element-outer  vc_icon_element-align-centervc_icon_element-have-style\"><div class=\"vc_icon_element-inner vc_icon_element-color-black vc_icon_element-have-style-inner vc_icon_element-size-sm  vc_icon_element-style-rounded vc_icon_element-background vc_icon_element-background-color-chino\" ><span class=\"vc_icon_element-icon vc_li vc_li-diamond\" ><\/span><\/div><\/div><div class=\"vc_custom_heading vc_gitem-post-data vc_gitem-post-data-source-post_title\" ><div style=\"font-size: 24px;color: #ffffff;line-height: 1.3;text-align: center;font-family:Montserrat;font-weight:400;font-style:normal\" >Pr\u00e1vnick\u00e1 kancel\u00e1ria Krivak &#038; Co vr\u00e1tila ocenenie Pr\u00e1vnick\u00e1 firma roka<\/div><\/div><div class=\"vc_custom_heading vc_gitem-post-data vc_gitem-post-data-source-post_date\" ><p style=\"text-align: center\" >26. 04. 2024<\/p><\/div><\/div><\/div><\/div><\/div><\/div><\/div><div class=\"vc_clearfix\"><\/div><\/div><div class=\"vc_grid-item vc_clearfix vc_col-sm-4\"><div class=\"vc_grid-item-mini vc_clearfix\"><div class=\"vc_gitem-animated-block  vc_gitem-animate vc_gitem-animate-goTop20\"  data-vc-animation=\"goTop20\"><div class=\"vc_gitem-zone vc_gitem-zone-a vc-gitem-zone-height-mode-auto vc-gitem-zone-height-mode-auto-1-1 vc_gitem-is-link\" style=\"background-image: url('https:\/\/www.krivak.sk\/wp-content\/uploads\/2024\/04\/driveway-340193_1920-1024x633.jpg') !important;\"><a href=\"https:\/\/www.krivak.sk\/eng\/absencia-prava-prechodu-a-prejazdu-cez-susediaci-pozemok-ako-ju-riesit\/\" title=\"Absencia pr\u00e1va prechodu a\u00a0prejazdu cez susediaci pozemok \u2013 ako ju rie\u0161i\u0165?\" class=\"vc_gitem-link vc-zone-link\" ><\/a><img src=\"https:\/\/www.krivak.sk\/wp-content\/uploads\/2024\/04\/driveway-340193_1920-1024x633.jpg\" class=\"vc_gitem-zone-img\" alt=\"Absencia pr\u00e1va prechodu a\u00a0prejazdu cez susediaci pozemok \u2013 ako ju rie\u0161i\u0165?\"><div class=\"vc_gitem-zone-mini\"><\/div><\/div><div class=\"vc_gitem-zone vc_gitem-zone-b vc_custom_1427376471452 vc-gitem-zone-height-mode-auto vc_gitem-is-link\"><a href=\"https:\/\/www.krivak.sk\/eng\/absencia-prava-prechodu-a-prejazdu-cez-susediaci-pozemok-ako-ju-riesit\/\" title=\"Absencia pr\u00e1va prechodu a\u00a0prejazdu cez susediaci pozemok \u2013 ako ju rie\u0161i\u0165?\" class=\"vc_gitem-link vc-zone-link\" ><\/a><div class=\"vc_gitem-zone-mini\"><div class=\"vc_gitem_row vc_row vc_gitem-row-position-middle\"><div class=\"vc_col-sm-12 vc_gitem-col vc_gitem-col-align- vc_custom_1427376569093\"><div class=\"vc_icon_element vc_icon_element-outer  vc_icon_element-align-centervc_icon_element-have-style\"><div class=\"vc_icon_element-inner vc_icon_element-color-black vc_icon_element-have-style-inner vc_icon_element-size-sm  vc_icon_element-style-rounded vc_icon_element-background vc_icon_element-background-color-chino\" ><span class=\"vc_icon_element-icon vc_li vc_li-diamond\" ><\/span><\/div><\/div><div class=\"vc_custom_heading vc_gitem-post-data vc_gitem-post-data-source-post_title\" ><div style=\"font-size: 24px;color: #ffffff;line-height: 1.3;text-align: center;font-family:Montserrat;font-weight:400;font-style:normal\" >Absencia pr\u00e1va prechodu a\u00a0prejazdu cez susediaci pozemok \u2013 ako ju rie\u0161i\u0165?<\/div><\/div><div class=\"vc_custom_heading vc_gitem-post-data vc_gitem-post-data-source-post_date\" ><p style=\"text-align: center\" >17. 04. 2024<\/p><\/div><\/div><\/div><\/div><\/div><\/div><\/div><div class=\"vc_clearfix\"><\/div><\/div><div class=\"vc_grid-item vc_clearfix vc_col-sm-4\"><div class=\"vc_grid-item-mini vc_clearfix\"><div class=\"vc_gitem-animated-block  vc_gitem-animate vc_gitem-animate-goTop20\"  data-vc-animation=\"goTop20\"><div class=\"vc_gitem-zone vc_gitem-zone-a vc-gitem-zone-height-mode-auto vc-gitem-zone-height-mode-auto-1-1 vc_gitem-is-link\" style=\"background-image: url('https:\/\/www.krivak.sk\/wp-content\/uploads\/2024\/02\/rovnost-v-odmenovani-1-scaled-e1707754075388-1024x979.jpg') !important;\"><a href=\"https:\/\/www.krivak.sk\/eng\/co-prinasa-nova-smernica-eu-o-transparentnosti-v-odmenovani\/\" title=\"\u010co prin\u00e1\u0161a nov\u00e1 smernica E\u00da o transparentnosti v odme\u0148ovan\u00ed\" class=\"vc_gitem-link vc-zone-link\" ><\/a><img src=\"https:\/\/www.krivak.sk\/wp-content\/uploads\/2024\/02\/rovnost-v-odmenovani-1-scaled-e1707754075388-1024x979.jpg\" class=\"vc_gitem-zone-img\" alt=\"\u010co prin\u00e1\u0161a nov\u00e1 smernica E\u00da o transparentnosti v odme\u0148ovan\u00ed\"><div class=\"vc_gitem-zone-mini\"><\/div><\/div><div class=\"vc_gitem-zone vc_gitem-zone-b vc_custom_1427376471452 vc-gitem-zone-height-mode-auto vc_gitem-is-link\"><a href=\"https:\/\/www.krivak.sk\/eng\/co-prinasa-nova-smernica-eu-o-transparentnosti-v-odmenovani\/\" title=\"\u010co prin\u00e1\u0161a nov\u00e1 smernica E\u00da o transparentnosti v odme\u0148ovan\u00ed\" class=\"vc_gitem-link vc-zone-link\" ><\/a><div class=\"vc_gitem-zone-mini\"><div class=\"vc_gitem_row vc_row vc_gitem-row-position-middle\"><div class=\"vc_col-sm-12 vc_gitem-col vc_gitem-col-align- vc_custom_1427376569093\"><div class=\"vc_icon_element vc_icon_element-outer  vc_icon_element-align-centervc_icon_element-have-style\"><div class=\"vc_icon_element-inner vc_icon_element-color-black vc_icon_element-have-style-inner vc_icon_element-size-sm  vc_icon_element-style-rounded vc_icon_element-background vc_icon_element-background-color-chino\" ><span class=\"vc_icon_element-icon vc_li vc_li-diamond\" ><\/span><\/div><\/div><div class=\"vc_custom_heading vc_gitem-post-data vc_gitem-post-data-source-post_title\" ><div style=\"font-size: 24px;color: #ffffff;line-height: 1.3;text-align: center;font-family:Montserrat;font-weight:400;font-style:normal\" >\u010co prin\u00e1\u0161a nov\u00e1 smernica E\u00da o transparentnosti v odme\u0148ovan\u00ed<\/div><\/div><div class=\"vc_custom_heading vc_gitem-post-data vc_gitem-post-data-source-post_date\" ><p style=\"text-align: center\" >26. 02. 2024<\/p><\/div><\/div><\/div><\/div><\/div><\/div><\/div><div class=\"vc_clearfix\"><\/div><\/div><\/div><\/div>\n\t<\/div>\n<\/div><\/div><\/div><\/div><\/div>\n<\/section>","protected":false},"excerpt":{"rendered":"OP\u00c4\u0164 SME SA STALI JEDNOU Z PR\u00c1VNICK\u00ddCH FIRIEM ROKA23. 04. 2026V Krivak &#038; Co roz\u0161irujeme n\u00e1\u0161 t\u00edm13. 05. 2025Z\u00edskali sme vynikaj\u00face hodnotenie v s\u00fa\u0165a\u017ei Pr\u00e1vnick\u00e1 firma roka 202522. 04. 2025Sloboda prejavu v demokratickom spolo\u010denstve a ako \u010deli\u0165 vlne nen\u00e1vistn\u00fdch prejavov05. 12. 2024Zorganizovali sme podujatie k restorat\u00edvnym pr\u00edstupom v praxi in\u0161tit\u00faci\u00ed&hellip;","protected":false},"author":32,"featured_media":0,"parent":0,"menu_order":0,"comment_status":"closed","ping_status":"closed","template":"","meta":[],"acf":[],"aioseo_notices":[],"_links":{"self":[{"href":"https:\/\/www.krivak.sk\/eng\/wp-json\/wp\/v2\/pages\/33917"}],"collection":[{"href":"https:\/\/www.krivak.sk\/eng\/wp-json\/wp\/v2\/pages"}],"about":[{"href":"https:\/\/www.krivak.sk\/eng\/wp-json\/wp\/v2\/types\/page"}],"author":[{"embeddable":true,"href":"https:\/\/www.krivak.sk\/eng\/wp-json\/wp\/v2\/users\/32"}],"replies":[{"embeddable":true,"href":"https:\/\/www.krivak.sk\/eng\/wp-json\/wp\/v2\/comments?post=33917"}],"version-history":[{"count":0,"href":"https:\/\/www.krivak.sk\/eng\/wp-json\/wp\/v2\/pages\/33917\/revisions"}],"wp:attachment":[{"href":"https:\/\/www.krivak.sk\/eng\/wp-json\/wp\/v2\/media?parent=33917"}],"curies":[{"name":"wp","href":"https:\/\/api.w.org\/{rel}","templated":true}]}}